{"id":4262,"date":"2023-03-03T11:10:09","date_gmt":"2023-03-03T10:10:09","guid":{"rendered":"https:\/\/controlc.fr\/?post_type=lp_course&#038;p=4262"},"modified":"2025-03-05T16:49:40","modified_gmt":"2025-03-05T15:49:40","slug":"manager-une-equipe-perfectionnement","status":"publish","type":"lp_course","link":"https:\/\/controlc.fr\/index.php\/courses\/manager-une-equipe-perfectionnement\/","title":{"rendered":"MANAGER UNE EQUIPE &#8211; PERFECTIONNEMENT"},"content":{"rendered":"\t\t<div data-elementor-type=\"wp-post\" data-elementor-id=\"4262\" class=\"elementor elementor-4262\">\n\t\t\t\t\t\t<section class=\"elementor-section elementor-top-section elementor-element elementor-element-6d4004ef elementor-section-boxed elementor-section-height-default elementor-section-height-default\" data-id=\"6d4004ef\" data-element_type=\"section\">\n\t\t\t\t\t\t<div class=\"elementor-container elementor-column-gap-default\">\n\t\t\t\t\t<div class=\"elementor-column elementor-col-100 elementor-top-column elementor-element elementor-element-32a1c87f\" data-id=\"32a1c87f\" data-element_type=\"column\">\n\t\t\t<div class=\"elementor-widget-wrap elementor-element-populated\">\n\t\t\t\t\t\t<div class=\"elementor-element elementor-element-45b37585 elementor-widget elementor-widget-text-editor\" data-id=\"45b37585\" data-element_type=\"widget\" data-widget_type=\"text-editor.default\">\n\t\t\t\t<div class=\"elementor-widget-container\">\n\t\t\t\t\t\t\t\t\t<h5><span style=\"color: inherit; font-family: inherit; font-size: 1.75rem;\">Programme<\/span><\/h5><div><strong>Le positionnement du manager\/la mission du manager<\/strong><br \/>Conna\u00eetre son p\u00e9rim\u00e8tre d\u2019intervention <br \/>Identifier les attentes de ses managers<br \/>Se pr\u00e9server des zones d\u2019autonomie<br \/>Identifier son style de management<br \/>S\u2019adapter aux diff\u00e9rents profils de collaborateurs<\/div><div><br \/><strong>Motiver et stimuler chaque collaborateur<\/strong><br \/>Les leviers de la motivation<br \/>Entretiens mobilisateurs <br \/>Reconna\u00eetre avec \u00e9quit\u00e9 les contributions et r\u00e9compenser<\/div><div><br \/><strong>Maitriser les face-\u00e0-face difficiles :<\/strong><br \/>Remotiver, recadrer un collaborateur<br \/>G\u00e9rer les conflits entre collaborateurs<br \/>D\u00e9finir et g\u00e9rer une situation de crise<br \/>Entretiens : organiser la gestion de crise<br \/>&#8211; anticiper<br \/>&#8211; op\u00e9rationnaliser<br \/>&#8211; simuler les cons\u00e9quences<\/div><div><br \/><strong>D\u00e9velopper votre assertivit\u00e9 (affirmation de soi)<\/strong><br \/>Entrainement au feedback<br \/>D\u00e9couvrir l\u2019assertivit\u00e9<br \/>Faire une critique constructive<\/div><div><br \/><strong>D\u00e9velopper un projet d\u2019\u00e9quipe avec ses collaborateurs<\/strong><br \/>Un constat partag\u00e9 sur l\u2019\u00e9tat pr\u00e9sent avec l\u2019\u00e9quipe<br \/>L\u2019expression d\u2019une cible \u00e9quipe \u00e0 un terme donn\u00e9 par <br \/>vous, le manager ; et comment l\u2019atteindre <br \/>Choisir les id\u00e9es prometteuses <br \/>Les d\u00e9velopper en groupes de travail pour les transformer <br \/>en projets<br \/>Les mettre en \u0153uvre<br \/>Piloter l\u2019avancement des projets<br \/>C\u00e9l\u00e9brer les \u00ab victoires\u00a0<\/div>\t\t\t\t\t\t\t\t<\/div>\n\t\t\t\t<\/div>\n\t\t\t\t\t<\/div>\n\t\t<\/div>\n\t\t\t\t\t<\/div>\n\t\t<\/section>\n\t\t\t\t<section class=\"elementor-section elementor-top-section elementor-element elementor-element-c5f7d13 elementor-section-boxed elementor-section-height-default elementor-section-height-default\" data-id=\"c5f7d13\" data-element_type=\"section\">\n\t\t\t\t\t\t<div class=\"elementor-container elementor-column-gap-default\">\n\t\t\t\t\t<div class=\"elementor-column elementor-col-33 elementor-top-column elementor-element elementor-element-699d4ac\" data-id=\"699d4ac\" data-element_type=\"column\">\n\t\t\t<div class=\"elementor-widget-wrap elementor-element-populated\">\n\t\t\t\t\t\t<div class=\"elementor-element elementor-element-25021ca elementor-align-center elementor-widget elementor-widget-button\" data-id=\"25021ca\" data-element_type=\"widget\" data-widget_type=\"button.default\">\n\t\t\t\t<div class=\"elementor-widget-container\">\n\t\t\t\t\t\t\t\t\t<div class=\"elementor-button-wrapper\">\n\t\t\t\t\t<a class=\"elementor-button elementor-button-link elementor-size-sm\" href=\"https:\/\/controlc.fr\/wp-content\/uploads\/2023\/03\/MANAGER-UNE-EQUIPE-PERFECTIONNEMENT.pdf\">\n\t\t\t\t\t\t<span class=\"elementor-button-content-wrapper\">\n\t\t\t\t\t\t\t\t\t<span class=\"elementor-button-text\">La fiche formation<\/span>\n\t\t\t\t\t<\/span>\n\t\t\t\t\t<\/a>\n\t\t\t\t<\/div>\n\t\t\t\t\t\t\t\t<\/div>\n\t\t\t\t<\/div>\n\t\t\t\t\t<\/div>\n\t\t<\/div>\n\t\t\t\t<div class=\"elementor-column elementor-col-33 elementor-top-column elementor-element elementor-element-8f378a4\" data-id=\"8f378a4\" data-element_type=\"column\">\n\t\t\t<div class=\"elementor-widget-wrap elementor-element-populated\">\n\t\t\t\t\t\t<div class=\"elementor-element elementor-element-bb0382c elementor-align-center elementor-widget elementor-widget-button\" data-id=\"bb0382c\" data-element_type=\"widget\" data-widget_type=\"button.default\">\n\t\t\t\t<div class=\"elementor-widget-container\">\n\t\t\t\t\t\t\t\t\t<div class=\"elementor-button-wrapper\">\n\t\t\t\t\t<a class=\"elementor-button elementor-button-link elementor-size-sm\" href=\"https:\/\/controlc.fr\/wp-content\/uploads\/2025\/02\/ControlC-Tarifs-epp-2025.pdf\" target=\"_blank\">\n\t\t\t\t\t\t<span class=\"elementor-button-content-wrapper\">\n\t\t\t\t\t\t\t\t\t<span class=\"elementor-button-text\">Nos tarifs<\/span>\n\t\t\t\t\t<\/span>\n\t\t\t\t\t<\/a>\n\t\t\t\t<\/div>\n\t\t\t\t\t\t\t\t<\/div>\n\t\t\t\t<\/div>\n\t\t\t\t\t<\/div>\n\t\t<\/div>\n\t\t\t\t<div class=\"elementor-column elementor-col-33 elementor-top-column elementor-element elementor-element-fc1d6a3\" data-id=\"fc1d6a3\" data-element_type=\"column\">\n\t\t\t<div class=\"elementor-widget-wrap elementor-element-populated\">\n\t\t\t\t\t\t<div class=\"elementor-element elementor-element-0e6fed2 elementor-align-center elementor-widget elementor-widget-button\" data-id=\"0e6fed2\" data-element_type=\"widget\" data-widget_type=\"button.default\">\n\t\t\t\t<div class=\"elementor-widget-container\">\n\t\t\t\t\t\t\t\t\t<div class=\"elementor-button-wrapper\">\n\t\t\t\t\t<a class=\"elementor-button elementor-button-link elementor-size-sm\" href=\"https:\/\/controlc.fr\/wp-content\/uploads\/2025\/02\/ControlC_planning-interentreprises_-comm_2025-2.pdf\" target=\"_blank\">\n\t\t\t\t\t\t<span class=\"elementor-button-content-wrapper\">\n\t\t\t\t\t\t\t\t\t<span class=\"elementor-button-text\">Le planning<\/span>\n\t\t\t\t\t<\/span>\n\t\t\t\t\t<\/a>\n\t\t\t\t<\/div>\n\t\t\t\t\t\t\t\t<\/div>\n\t\t\t\t<\/div>\n\t\t\t\t\t<\/div>\n\t\t<\/div>\n\t\t\t\t\t<\/div>\n\t\t<\/section>\n\t\t\t\t<\/div>\n\t\t","protected":false},"excerpt":{"rendered":"<p>Programme Le positionnement du manager\/la mission du manager Conna\u00eetre son p\u00e9rim\u00e8tre d\u2019intervention Identifier les attentes de ses managers Se pr\u00e9server des zones d\u2019autonomie Identifier son style de management S\u2019adapter aux diff\u00e9rents profils de collaborateurs Motiver et stimuler chaque collaborateur Les leviers de la motivation Entretiens mobilisateurs Reconna\u00eetre avec \u00e9quit\u00e9 les&hellip;<\/p>\n","protected":false},"author":6,"featured_media":6091,"comment_status":"closed","ping_status":"closed","template":"","course_category":[11,46],"course_tag":[],"class_list":["post-4262","lp_course","type-lp_course","status-publish","has-post-thumbnail","hentry","course_category-communication","course_category-management","course"],"yoast_head":"<!-- This site is optimized with the Yoast SEO plugin v24.4 - https:\/\/yoast.com\/wordpress\/plugins\/seo\/ -->\n<title>MANAGER UNE EQUIPE - PERFECTIONNEMENT - Melun<\/title>\n<meta name=\"description\" content=\"Formation &quot;Manager une \u00e9quipe perfectionnement&quot; sur 2 jours. Vous aborderez notamment la coh\u00e9sion d&#039;\u00e9quipe et la gestion de crise.\" \/>\n<meta name=\"robots\" content=\"index, follow, max-snippet:-1, max-image-preview:large, max-video-preview:-1\" \/>\n<link rel=\"canonical\" href=\"https:\/\/controlc.fr\/index.php\/courses\/manager-une-equipe-perfectionnement\/\" \/>\n<meta property=\"og:locale\" content=\"fr_FR\" \/>\n<meta property=\"og:type\" content=\"article\" \/>\n<meta property=\"og:title\" content=\"MANAGER UNE EQUIPE - PERFECTIONNEMENT - Melun\" \/>\n<meta property=\"og:description\" content=\"Formation &quot;Manager une \u00e9quipe perfectionnement&quot; sur 2 jours. Vous aborderez notamment la coh\u00e9sion d&#039;\u00e9quipe et la gestion de crise.\" \/>\n<meta property=\"og:url\" content=\"https:\/\/controlc.fr\/index.php\/courses\/manager-une-equipe-perfectionnement\/\" \/>\n<meta property=\"article:modified_time\" content=\"2025-03-05T15:49:40+00:00\" \/>\n<meta property=\"og:image\" content=\"https:\/\/controlc.fr\/wp-content\/uploads\/2025\/03\/travail-en-equipe.png\" \/>\n\t<meta property=\"og:image:width\" content=\"512\" \/>\n\t<meta property=\"og:image:height\" content=\"512\" \/>\n\t<meta property=\"og:image:type\" content=\"image\/png\" \/>\n<meta name=\"twitter:card\" content=\"summary_large_image\" \/>\n<meta name=\"twitter:site\" content=\"@controlcmelun\" \/>\n<meta name=\"twitter:label1\" content=\"Dur\u00e9e de lecture estim\u00e9e\" \/>\n\t<meta name=\"twitter:data1\" content=\"2 minutes\" \/>\n<script type=\"application\/ld+json\" class=\"yoast-schema-graph\">{\"@context\":\"https:\/\/schema.org\",\"@graph\":[{\"@type\":\"WebPage\",\"@id\":\"https:\/\/controlc.fr\/index.php\/courses\/manager-une-equipe-perfectionnement\/\",\"url\":\"https:\/\/controlc.fr\/index.php\/courses\/manager-une-equipe-perfectionnement\/\",\"name\":\"MANAGER UNE EQUIPE - PERFECTIONNEMENT - Melun\",\"isPartOf\":{\"@id\":\"https:\/\/controlc.fr\/#website\"},\"primaryImageOfPage\":{\"@id\":\"https:\/\/controlc.fr\/index.php\/courses\/manager-une-equipe-perfectionnement\/#primaryimage\"},\"image\":{\"@id\":\"https:\/\/controlc.fr\/index.php\/courses\/manager-une-equipe-perfectionnement\/#primaryimage\"},\"thumbnailUrl\":\"https:\/\/controlc.fr\/wp-content\/uploads\/2025\/03\/travail-en-equipe.png\",\"datePublished\":\"2023-03-03T10:10:09+00:00\",\"dateModified\":\"2025-03-05T15:49:40+00:00\",\"description\":\"Formation \\\"Manager une \u00e9quipe perfectionnement\\\" sur 2 jours. Vous aborderez notamment la coh\u00e9sion d'\u00e9quipe et la gestion de crise.\",\"breadcrumb\":{\"@id\":\"https:\/\/controlc.fr\/index.php\/courses\/manager-une-equipe-perfectionnement\/#breadcrumb\"},\"inLanguage\":\"fr-FR\",\"potentialAction\":[{\"@type\":\"ReadAction\",\"target\":[\"https:\/\/controlc.fr\/index.php\/courses\/manager-une-equipe-perfectionnement\/\"]}]},{\"@type\":\"ImageObject\",\"inLanguage\":\"fr-FR\",\"@id\":\"https:\/\/controlc.fr\/index.php\/courses\/manager-une-equipe-perfectionnement\/#primaryimage\",\"url\":\"https:\/\/controlc.fr\/wp-content\/uploads\/2025\/03\/travail-en-equipe.png\",\"contentUrl\":\"https:\/\/controlc.fr\/wp-content\/uploads\/2025\/03\/travail-en-equipe.png\",\"width\":512,\"height\":512},{\"@type\":\"BreadcrumbList\",\"@id\":\"https:\/\/controlc.fr\/index.php\/courses\/manager-une-equipe-perfectionnement\/#breadcrumb\",\"itemListElement\":[{\"@type\":\"ListItem\",\"position\":1,\"name\":\"Accueil\",\"item\":\"https:\/\/controlc.fr\/\"},{\"@type\":\"ListItem\",\"position\":2,\"name\":\"Cours\",\"item\":\"https:\/\/controlc.fr\/index.php\/cours-2\/\"},{\"@type\":\"ListItem\",\"position\":3,\"name\":\"MANAGER UNE EQUIPE &#8211; PERFECTIONNEMENT\"}]},{\"@type\":\"WebSite\",\"@id\":\"https:\/\/controlc.fr\/#website\",\"url\":\"https:\/\/controlc.fr\/\",\"name\":\"Controlc.fr\",\"description\":\"\",\"publisher\":{\"@id\":\"https:\/\/controlc.fr\/#organization\"},\"potentialAction\":[{\"@type\":\"SearchAction\",\"target\":{\"@type\":\"EntryPoint\",\"urlTemplate\":\"https:\/\/controlc.fr\/?s={search_term_string}\"},\"query-input\":{\"@type\":\"PropertyValueSpecification\",\"valueRequired\":true,\"valueName\":\"search_term_string\"}}],\"inLanguage\":\"fr-FR\"},{\"@type\":\"Organization\",\"@id\":\"https:\/\/controlc.fr\/#organization\",\"name\":\"Control^C\",\"url\":\"https:\/\/controlc.fr\/\",\"logo\":{\"@type\":\"ImageObject\",\"inLanguage\":\"fr-FR\",\"@id\":\"https:\/\/controlc.fr\/#\/schema\/logo\/image\/\",\"url\":\"https:\/\/controlc.fr\/wp-content\/uploads\/2020\/12\/cropped-cropped-cropped-logo-melun.png\",\"contentUrl\":\"https:\/\/controlc.fr\/wp-content\/uploads\/2020\/12\/cropped-cropped-cropped-logo-melun.png\",\"width\":427,\"height\":100,\"caption\":\"Control^C\"},\"image\":{\"@id\":\"https:\/\/controlc.fr\/#\/schema\/logo\/image\/\"},\"sameAs\":[\"https:\/\/x.com\/controlcmelun\",\"https:\/\/www.linkedin.com\/company\/8009384\"]}]}<\/script>\n<!-- \/ Yoast SEO plugin. -->","yoast_head_json":{"title":"MANAGER UNE EQUIPE - PERFECTIONNEMENT - Melun","description":"Formation \"Manager une \u00e9quipe perfectionnement\" sur 2 jours. Vous aborderez notamment la coh\u00e9sion d'\u00e9quipe et la gestion de crise.","robots":{"index":"index","follow":"follow","max-snippet":"max-snippet:-1","max-image-preview":"max-image-preview:large","max-video-preview":"max-video-preview:-1"},"canonical":"https:\/\/controlc.fr\/index.php\/courses\/manager-une-equipe-perfectionnement\/","og_locale":"fr_FR","og_type":"article","og_title":"MANAGER UNE EQUIPE - PERFECTIONNEMENT - Melun","og_description":"Formation \"Manager une \u00e9quipe perfectionnement\" sur 2 jours. Vous aborderez notamment la coh\u00e9sion d'\u00e9quipe et la gestion de crise.","og_url":"https:\/\/controlc.fr\/index.php\/courses\/manager-une-equipe-perfectionnement\/","article_modified_time":"2025-03-05T15:49:40+00:00","og_image":[{"width":512,"height":512,"url":"https:\/\/controlc.fr\/wp-content\/uploads\/2025\/03\/travail-en-equipe.png","type":"image\/png"}],"twitter_card":"summary_large_image","twitter_site":"@controlcmelun","twitter_misc":{"Dur\u00e9e de lecture estim\u00e9e":"2 minutes"},"schema":{"@context":"https:\/\/schema.org","@graph":[{"@type":"WebPage","@id":"https:\/\/controlc.fr\/index.php\/courses\/manager-une-equipe-perfectionnement\/","url":"https:\/\/controlc.fr\/index.php\/courses\/manager-une-equipe-perfectionnement\/","name":"MANAGER UNE EQUIPE - PERFECTIONNEMENT - Melun","isPartOf":{"@id":"https:\/\/controlc.fr\/#website"},"primaryImageOfPage":{"@id":"https:\/\/controlc.fr\/index.php\/courses\/manager-une-equipe-perfectionnement\/#primaryimage"},"image":{"@id":"https:\/\/controlc.fr\/index.php\/courses\/manager-une-equipe-perfectionnement\/#primaryimage"},"thumbnailUrl":"https:\/\/controlc.fr\/wp-content\/uploads\/2025\/03\/travail-en-equipe.png","datePublished":"2023-03-03T10:10:09+00:00","dateModified":"2025-03-05T15:49:40+00:00","description":"Formation \"Manager une \u00e9quipe perfectionnement\" sur 2 jours. Vous aborderez notamment la coh\u00e9sion d'\u00e9quipe et la gestion de crise.","breadcrumb":{"@id":"https:\/\/controlc.fr\/index.php\/courses\/manager-une-equipe-perfectionnement\/#breadcrumb"},"inLanguage":"fr-FR","potentialAction":[{"@type":"ReadAction","target":["https:\/\/controlc.fr\/index.php\/courses\/manager-une-equipe-perfectionnement\/"]}]},{"@type":"ImageObject","inLanguage":"fr-FR","@id":"https:\/\/controlc.fr\/index.php\/courses\/manager-une-equipe-perfectionnement\/#primaryimage","url":"https:\/\/controlc.fr\/wp-content\/uploads\/2025\/03\/travail-en-equipe.png","contentUrl":"https:\/\/controlc.fr\/wp-content\/uploads\/2025\/03\/travail-en-equipe.png","width":512,"height":512},{"@type":"BreadcrumbList","@id":"https:\/\/controlc.fr\/index.php\/courses\/manager-une-equipe-perfectionnement\/#breadcrumb","itemListElement":[{"@type":"ListItem","position":1,"name":"Accueil","item":"https:\/\/controlc.fr\/"},{"@type":"ListItem","position":2,"name":"Cours","item":"https:\/\/controlc.fr\/index.php\/cours-2\/"},{"@type":"ListItem","position":3,"name":"MANAGER UNE EQUIPE &#8211; PERFECTIONNEMENT"}]},{"@type":"WebSite","@id":"https:\/\/controlc.fr\/#website","url":"https:\/\/controlc.fr\/","name":"Controlc.fr","description":"","publisher":{"@id":"https:\/\/controlc.fr\/#organization"},"potentialAction":[{"@type":"SearchAction","target":{"@type":"EntryPoint","urlTemplate":"https:\/\/controlc.fr\/?s={search_term_string}"},"query-input":{"@type":"PropertyValueSpecification","valueRequired":true,"valueName":"search_term_string"}}],"inLanguage":"fr-FR"},{"@type":"Organization","@id":"https:\/\/controlc.fr\/#organization","name":"Control^C","url":"https:\/\/controlc.fr\/","logo":{"@type":"ImageObject","inLanguage":"fr-FR","@id":"https:\/\/controlc.fr\/#\/schema\/logo\/image\/","url":"https:\/\/controlc.fr\/wp-content\/uploads\/2020\/12\/cropped-cropped-cropped-logo-melun.png","contentUrl":"https:\/\/controlc.fr\/wp-content\/uploads\/2020\/12\/cropped-cropped-cropped-logo-melun.png","width":427,"height":100,"caption":"Control^C"},"image":{"@id":"https:\/\/controlc.fr\/#\/schema\/logo\/image\/"},"sameAs":["https:\/\/x.com\/controlcmelun","https:\/\/www.linkedin.com\/company\/8009384"]}]}},"_links":{"self":[{"href":"https:\/\/controlc.fr\/index.php\/wp-json\/wp\/v2\/lp_course\/4262","targetHints":{"allow":["GET"]}}],"collection":[{"href":"https:\/\/controlc.fr\/index.php\/wp-json\/wp\/v2\/lp_course"}],"about":[{"href":"https:\/\/controlc.fr\/index.php\/wp-json\/wp\/v2\/types\/lp_course"}],"author":[{"embeddable":true,"href":"https:\/\/controlc.fr\/index.php\/wp-json\/wp\/v2\/users\/6"}],"replies":[{"embeddable":true,"href":"https:\/\/controlc.fr\/index.php\/wp-json\/wp\/v2\/comments?post=4262"}],"version-history":[{"count":16,"href":"https:\/\/controlc.fr\/index.php\/wp-json\/wp\/v2\/lp_course\/4262\/revisions"}],"predecessor-version":[{"id":6092,"href":"https:\/\/controlc.fr\/index.php\/wp-json\/wp\/v2\/lp_course\/4262\/revisions\/6092"}],"wp:featuredmedia":[{"embeddable":true,"href":"https:\/\/controlc.fr\/index.php\/wp-json\/wp\/v2\/media\/6091"}],"wp:attachment":[{"href":"https:\/\/controlc.fr\/index.php\/wp-json\/wp\/v2\/media?parent=4262"}],"wp:term":[{"taxonomy":"course_category","embeddable":true,"href":"https:\/\/controlc.fr\/index.php\/wp-json\/wp\/v2\/course_category?post=4262"},{"taxonomy":"course_tag","embeddable":true,"href":"https:\/\/controlc.fr\/index.php\/wp-json\/wp\/v2\/course_tag?post=4262"}],"curies":[{"name":"wp","href":"https:\/\/api.w.org\/{rel}","templated":true}]}}