{"id":1864,"date":"2021-03-30T19:24:30","date_gmt":"2021-03-30T17:24:30","guid":{"rendered":"http:\/\/thjjwyy.cluster030.hosting.ovh.net\/?post_type=lp_course&#038;p=1864"},"modified":"2025-03-20T10:46:02","modified_gmt":"2025-03-20T09:46:02","slug":"elingage-des-charges-suspendues","status":"publish","type":"lp_course","link":"https:\/\/controlc.fr\/index.php\/courses\/elingage-des-charges-suspendues\/","title":{"rendered":"ELINGAGE DES CHARGES SUSPENDUES"},"content":{"rendered":"\t\t<div data-elementor-type=\"wp-post\" data-elementor-id=\"1864\" class=\"elementor elementor-1864\">\n\t\t\t\t\t\t<section class=\"elementor-section elementor-top-section elementor-element elementor-element-2ed446e4 elementor-section-boxed elementor-section-height-default elementor-section-height-default\" data-id=\"2ed446e4\" data-element_type=\"section\">\n\t\t\t\t\t\t<div class=\"elementor-container elementor-column-gap-default\">\n\t\t\t\t\t<div class=\"elementor-column elementor-col-100 elementor-top-column elementor-element elementor-element-53009583\" data-id=\"53009583\" data-element_type=\"column\">\n\t\t\t<div class=\"elementor-widget-wrap elementor-element-populated\">\n\t\t\t\t\t\t<div class=\"elementor-element elementor-element-71b384f3 elementor-widget elementor-widget-text-editor\" data-id=\"71b384f3\" data-element_type=\"widget\" data-widget_type=\"text-editor.default\">\n\t\t\t\t<div class=\"elementor-widget-container\">\n\t\t\t\t\t\t\t\t\t<h4>PROGRAMME<\/h4><p>Les enseignements pratiques et les mises en situations d\u2019\u00e9valuation des stagiaires repr\u00e9sentent 30 % du temps de formation<\/p><h4>Contenu th\u00e9orique et pratique<\/h4><p>Cadre des op\u00e9rations de levage : obligation du fabricant, de l\u2019employeur et de l\u2019utilisateur.<br \/>Mat\u00e9riels d\u2019\u00e9lingage : connaissance des mat\u00e9riels, terminologie.<br \/>Techniques d\u2019\u00e9lingage: \u00e9valuation de la masse et du centre de gravit\u00e9, mode d\u2019\u00e9lingage appropri\u00e9, efforts et nombre d\u2019\u00e9lingues n\u00e9cessaires, choix de la mati\u00e8re et des caract\u00e9ristiques, inspections visuelles, r\u00e8gles d\u2019accrochage avec et sans points d\u2019accroche, logiciel de calcul d\u2019un<br \/>\u00e9lingage de charge simple OCRE de l\u2019INRS.<br \/>Enseignements pratiques : v\u00e9rification des accessoires de levage, d\u00e9termination du mode d\u2019\u00e9lingage, mise en \u0153uvre d\u2019\u00e9lingage de charges r\u00e9elles.<\/p><h4>Moyens d\u2019encadrement<\/h4><p>Organisme de formation d\u00e9clar\u00e9 \u00e0 la DIRECCTE disposant d\u2019un service Clients, d\u2019un service Qualit\u00e9, et d\u2019une \u00e9quipe pluridisciplinaire de formateurs.<br \/>Organisme titulaire d\u2019un Certificat Qualit\u00e9 exig\u00e9 r\u00e8glementairement pour les d\u00e9veloppeurs de comp\u00e9tences, d\u00e9livr\u00e9 par Afnor Certification<\/p><h4>Moyens p\u00e9dagogiques<\/h4><p>Formateur en pr\u00e9vention des risques professionnels, titulaire d\u2019une attestation de comp\u00e9tence d\u00e9livr\u00e9e par l\u2019organisme \u00e0 l\u2019issue d\u2019une validation de son aptitude \u00e0 assurer sp\u00e9cifiquement cette formation<br \/>Support d\u2019animation p\u00e9dagogique standardis\u00e9, utilis\u00e9s en vid\u00e9o-projection lors d\u2019un face \u00e0 face p\u00e9dagogique en salle.<br \/>Apprentissage pratique bas\u00e9 sur l\u2019acquisition progressive des techniques, au cours d\u2019une succession d\u2019exercices individuels.<\/p><h4>Modalit\u00e9s d\u2019\u00e9valuation individuelle des acquis<\/h4><p>Evaluations formatives (non-formalis\u00e9es)<br \/>Evaluation sommative individuelle, formalis\u00e9e par \u00e9crit, comportant un questionnement oral et une mise en situation pratique g\u00e9n\u00e9rale, conformes \u00e0 un processus standardis\u00e9.<br \/>En cas de formation dans notre centre, le formateur ne pourra pas rendre un avis sur la capacit\u00e9 \u00e0 r\u00e9aliser des t\u00e2ches sp\u00e9cifiques \u00e0 l\u2019\u00e9tablissement du b\u00e9n\u00e9ficiaire.<\/p><h4>Moyens technique requis<\/h4><p>Pour les apports th\u00e9oriques : salle de cours, tables, chaises, mur clair pour la projection, tableau papier ou effa\u00e7able.<br \/>Pour les apports pratiques : appareil de levage (grue, pont roulant&#8230;) que les stagiaires sont autoris\u00e9s \u00e0 conduire, ou appareil affect\u00e9 \u00e0 la formation avec son conducteur ; zone d\u2019\u00e9volution, charges \u00e0 manutentionner, accessoires de levage conformes.<br \/>En cas de formation dans notre centre, ces moyens sont \u00e0 notre charge<br \/>En cas de formation intra-entreprise, ils doivent \u00eatre garantis par l\u2019employeur des b\u00e9n\u00e9ficiaires.<br \/>Les appareils et installations doivent \u00eatre conformes \u00e0 la r\u00e9glementation (dont VGP) sans quoi la formation ne pourra pas avoir lieu.<\/p><h4>S\u00e9curit\u00e9<\/h4><p>Dans l\u2019entreprise comme en centre de formation, les b\u00e9n\u00e9ficiaires devront au minimum porter les \u00e9quipements suivants, remis par leur employeur:<br \/>-V\u00eatement haute visibilit\u00e9 de classe 2 ou 3,<br \/>-Casque et gants de manutention,<br \/>-Chaussures de s\u00e9curit\u00e9.<br \/>En cas de formation intra-entreprise, les moyens allou\u00e9s \u00e0 la formation devront \u00eatre pr\u00e9sent\u00e9s au formateur d\u00e8s son arriv\u00e9e, afin de v\u00e9rifier leur ad\u00e9quation aux imp\u00e9ratifs techniques et de s\u00e9curit\u00e9 r\u00e9glementaires.<br \/>Nos formateurs ont la d\u00e9l\u00e9gation pour signer les plans de pr\u00e9vention..<\/p>\t\t\t\t\t\t\t\t<\/div>\n\t\t\t\t<\/div>\n\t\t\t\t\t<\/div>\n\t\t<\/div>\n\t\t\t\t\t<\/div>\n\t\t<\/section>\n\t\t\t\t<section class=\"elementor-section elementor-top-section elementor-element elementor-element-19de0ad elementor-section-boxed elementor-section-height-default elementor-section-height-default\" data-id=\"19de0ad\" data-element_type=\"section\">\n\t\t\t\t\t\t<div class=\"elementor-container elementor-column-gap-default\">\n\t\t\t\t\t<div class=\"elementor-column elementor-col-33 elementor-top-column elementor-element elementor-element-451a0b2\" data-id=\"451a0b2\" data-element_type=\"column\">\n\t\t\t<div class=\"elementor-widget-wrap elementor-element-populated\">\n\t\t\t\t\t\t<div class=\"elementor-element elementor-element-3e5739e elementor-align-center elementor-widget elementor-widget-button\" data-id=\"3e5739e\" data-element_type=\"widget\" data-widget_type=\"button.default\">\n\t\t\t\t<div class=\"elementor-widget-container\">\n\t\t\t\t\t\t\t\t\t<div class=\"elementor-button-wrapper\">\n\t\t\t\t\t<a class=\"elementor-button elementor-button-link elementor-size-sm\" href=\"https:\/\/controlc.fr\/wp-content\/uploads\/2021\/05\/ELINGAGE-DES-CHARGES-SUSPENDUES.pdf\" target=\"_blank\">\n\t\t\t\t\t\t<span class=\"elementor-button-content-wrapper\">\n\t\t\t\t\t\t\t\t\t<span class=\"elementor-button-text\">La fiche formation<\/span>\n\t\t\t\t\t<\/span>\n\t\t\t\t\t<\/a>\n\t\t\t\t<\/div>\n\t\t\t\t\t\t\t\t<\/div>\n\t\t\t\t<\/div>\n\t\t\t\t\t<\/div>\n\t\t<\/div>\n\t\t\t\t<div class=\"elementor-column elementor-col-33 elementor-top-column elementor-element elementor-element-add4e5e\" data-id=\"add4e5e\" data-element_type=\"column\">\n\t\t\t<div class=\"elementor-widget-wrap elementor-element-populated\">\n\t\t\t\t\t\t<div class=\"elementor-element elementor-element-bbf5026 elementor-align-center elementor-widget elementor-widget-button\" data-id=\"bbf5026\" data-element_type=\"widget\" data-widget_type=\"button.default\">\n\t\t\t\t<div class=\"elementor-widget-container\">\n\t\t\t\t\t\t\t\t\t<div class=\"elementor-button-wrapper\">\n\t\t\t\t\t<a class=\"elementor-button elementor-button-link elementor-size-sm\" href=\"https:\/\/controlc.fr\/wp-content\/uploads\/2025\/02\/ControlC_Tarifs-securite-et-prevention-des-risques-professionnels_2025.pdf\" target=\"_blank\">\n\t\t\t\t\t\t<span class=\"elementor-button-content-wrapper\">\n\t\t\t\t\t\t\t\t\t<span class=\"elementor-button-text\">Nos tarifs<\/span>\n\t\t\t\t\t<\/span>\n\t\t\t\t\t<\/a>\n\t\t\t\t<\/div>\n\t\t\t\t\t\t\t\t<\/div>\n\t\t\t\t<\/div>\n\t\t\t\t\t<\/div>\n\t\t<\/div>\n\t\t\t\t<div class=\"elementor-column elementor-col-33 elementor-top-column elementor-element elementor-element-6647171\" data-id=\"6647171\" data-element_type=\"column\">\n\t\t\t<div class=\"elementor-widget-wrap elementor-element-populated\">\n\t\t\t\t\t\t<div class=\"elementor-element elementor-element-eebe0fc elementor-align-center elementor-widget elementor-widget-button\" data-id=\"eebe0fc\" data-element_type=\"widget\" data-widget_type=\"button.default\">\n\t\t\t\t<div class=\"elementor-widget-container\">\n\t\t\t\t\t\t\t\t\t<div class=\"elementor-button-wrapper\">\n\t\t\t\t\t<a class=\"elementor-button elementor-button-link elementor-size-sm\" href=\"https:\/\/controlc.fr\/wp-content\/uploads\/2025\/02\/ControlC_planning-interentreprises_securite-prevention-des-risques_2025.pdf\" target=\"_blank\">\n\t\t\t\t\t\t<span class=\"elementor-button-content-wrapper\">\n\t\t\t\t\t\t\t\t\t<span class=\"elementor-button-text\">Le planning<\/span>\n\t\t\t\t\t<\/span>\n\t\t\t\t\t<\/a>\n\t\t\t\t<\/div>\n\t\t\t\t\t\t\t\t<\/div>\n\t\t\t\t<\/div>\n\t\t\t\t\t<\/div>\n\t\t<\/div>\n\t\t\t\t\t<\/div>\n\t\t<\/section>\n\t\t\t\t<\/div>\n\t\t","protected":false},"excerpt":{"rendered":"<p>PROGRAMME Les enseignements pratiques et les mises en situations d\u2019\u00e9valuation des stagiaires repr\u00e9sentent 30 % du temps de formation Contenu th\u00e9orique et pratique Cadre des op\u00e9rations de levage : obligation du fabricant, de l\u2019employeur et de l\u2019utilisateur. Mat\u00e9riels d\u2019\u00e9lingage : connaissance des mat\u00e9riels, terminologie. Techniques d\u2019\u00e9lingage: \u00e9valuation de la masse&hellip;<\/p>\n","protected":false},"author":6,"featured_media":6146,"comment_status":"open","ping_status":"closed","template":"","course_category":[25,16],"course_tag":[],"class_list":["post-1864","lp_course","type-lp_course","status-publish","has-post-thumbnail","hentry","course_category-conduite-chariots-nacelles-engins","course_category-prp","course"],"yoast_head":"<!-- This site is optimized with the Yoast SEO plugin v24.4 - https:\/\/yoast.com\/wordpress\/plugins\/seo\/ -->\n<title>ELINGAGE DES CHARGES SUSPENDUES -<\/title>\n<meta name=\"description\" content=\"Programme de la formation d&#039;un jour sur l&#039;\u00e9lingage des charges suspendues. S\u00e9curit\u00e9 et pr\u00e9vention des risques. Organisme Qualiopi.\" \/>\n<meta name=\"robots\" content=\"index, follow, max-snippet:-1, max-image-preview:large, max-video-preview:-1\" \/>\n<link rel=\"canonical\" href=\"https:\/\/controlc.fr\/index.php\/courses\/elingage-des-charges-suspendues\/\" \/>\n<meta property=\"og:locale\" content=\"fr_FR\" \/>\n<meta property=\"og:type\" content=\"article\" \/>\n<meta property=\"og:title\" content=\"ELINGAGE DES CHARGES SUSPENDUES -\" \/>\n<meta property=\"og:description\" content=\"Programme de la formation d&#039;un jour sur l&#039;\u00e9lingage des charges suspendues. S\u00e9curit\u00e9 et pr\u00e9vention des risques. Organisme Qualiopi.\" \/>\n<meta property=\"og:url\" content=\"https:\/\/controlc.fr\/index.php\/courses\/elingage-des-charges-suspendues\/\" \/>\n<meta property=\"article:modified_time\" content=\"2025-03-20T09:46:02+00:00\" \/>\n<meta property=\"og:image\" content=\"https:\/\/controlc.fr\/wp-content\/uploads\/2025\/03\/chargement-de-conteneurs.png\" \/>\n\t<meta property=\"og:image:width\" content=\"512\" \/>\n\t<meta property=\"og:image:height\" content=\"512\" \/>\n\t<meta property=\"og:image:type\" content=\"image\/png\" \/>\n<meta name=\"twitter:card\" content=\"summary_large_image\" \/>\n<meta name=\"twitter:site\" content=\"@controlcmelun\" \/>\n<meta name=\"twitter:label1\" content=\"Dur\u00e9e de lecture estim\u00e9e\" \/>\n\t<meta name=\"twitter:data1\" content=\"3 minutes\" \/>\n<script type=\"application\/ld+json\" class=\"yoast-schema-graph\">{\"@context\":\"https:\/\/schema.org\",\"@graph\":[{\"@type\":\"WebPage\",\"@id\":\"https:\/\/controlc.fr\/index.php\/courses\/elingage-des-charges-suspendues\/\",\"url\":\"https:\/\/controlc.fr\/index.php\/courses\/elingage-des-charges-suspendues\/\",\"name\":\"ELINGAGE DES CHARGES SUSPENDUES -\",\"isPartOf\":{\"@id\":\"https:\/\/controlc.fr\/#website\"},\"primaryImageOfPage\":{\"@id\":\"https:\/\/controlc.fr\/index.php\/courses\/elingage-des-charges-suspendues\/#primaryimage\"},\"image\":{\"@id\":\"https:\/\/controlc.fr\/index.php\/courses\/elingage-des-charges-suspendues\/#primaryimage\"},\"thumbnailUrl\":\"https:\/\/controlc.fr\/wp-content\/uploads\/2025\/03\/chargement-de-conteneurs.png\",\"datePublished\":\"2021-03-30T17:24:30+00:00\",\"dateModified\":\"2025-03-20T09:46:02+00:00\",\"description\":\"Programme de la formation d'un jour sur l'\u00e9lingage des charges suspendues. S\u00e9curit\u00e9 et pr\u00e9vention des risques. Organisme Qualiopi.\",\"breadcrumb\":{\"@id\":\"https:\/\/controlc.fr\/index.php\/courses\/elingage-des-charges-suspendues\/#breadcrumb\"},\"inLanguage\":\"fr-FR\",\"potentialAction\":[{\"@type\":\"ReadAction\",\"target\":[\"https:\/\/controlc.fr\/index.php\/courses\/elingage-des-charges-suspendues\/\"]}]},{\"@type\":\"ImageObject\",\"inLanguage\":\"fr-FR\",\"@id\":\"https:\/\/controlc.fr\/index.php\/courses\/elingage-des-charges-suspendues\/#primaryimage\",\"url\":\"https:\/\/controlc.fr\/wp-content\/uploads\/2025\/03\/chargement-de-conteneurs.png\",\"contentUrl\":\"https:\/\/controlc.fr\/wp-content\/uploads\/2025\/03\/chargement-de-conteneurs.png\",\"width\":512,\"height\":512,\"caption\":\"Chargement de conteneur ic\u00f4nes cr\u00e9\u00e9es par Prosymbols Premium - Flaticon\"},{\"@type\":\"BreadcrumbList\",\"@id\":\"https:\/\/controlc.fr\/index.php\/courses\/elingage-des-charges-suspendues\/#breadcrumb\",\"itemListElement\":[{\"@type\":\"ListItem\",\"position\":1,\"name\":\"Accueil\",\"item\":\"https:\/\/controlc.fr\/\"},{\"@type\":\"ListItem\",\"position\":2,\"name\":\"Cours\",\"item\":\"https:\/\/controlc.fr\/index.php\/cours-2\/\"},{\"@type\":\"ListItem\",\"position\":3,\"name\":\"ELINGAGE DES CHARGES SUSPENDUES\"}]},{\"@type\":\"WebSite\",\"@id\":\"https:\/\/controlc.fr\/#website\",\"url\":\"https:\/\/controlc.fr\/\",\"name\":\"Controlc.fr\",\"description\":\"\",\"publisher\":{\"@id\":\"https:\/\/controlc.fr\/#organization\"},\"potentialAction\":[{\"@type\":\"SearchAction\",\"target\":{\"@type\":\"EntryPoint\",\"urlTemplate\":\"https:\/\/controlc.fr\/?s={search_term_string}\"},\"query-input\":{\"@type\":\"PropertyValueSpecification\",\"valueRequired\":true,\"valueName\":\"search_term_string\"}}],\"inLanguage\":\"fr-FR\"},{\"@type\":\"Organization\",\"@id\":\"https:\/\/controlc.fr\/#organization\",\"name\":\"Control^C\",\"url\":\"https:\/\/controlc.fr\/\",\"logo\":{\"@type\":\"ImageObject\",\"inLanguage\":\"fr-FR\",\"@id\":\"https:\/\/controlc.fr\/#\/schema\/logo\/image\/\",\"url\":\"https:\/\/controlc.fr\/wp-content\/uploads\/2020\/12\/cropped-cropped-cropped-logo-melun.png\",\"contentUrl\":\"https:\/\/controlc.fr\/wp-content\/uploads\/2020\/12\/cropped-cropped-cropped-logo-melun.png\",\"width\":427,\"height\":100,\"caption\":\"Control^C\"},\"image\":{\"@id\":\"https:\/\/controlc.fr\/#\/schema\/logo\/image\/\"},\"sameAs\":[\"https:\/\/x.com\/controlcmelun\",\"https:\/\/www.linkedin.com\/company\/8009384\"]}]}<\/script>\n<!-- \/ Yoast SEO plugin. -->","yoast_head_json":{"title":"ELINGAGE DES CHARGES SUSPENDUES -","description":"Programme de la formation d'un jour sur l'\u00e9lingage des charges suspendues. S\u00e9curit\u00e9 et pr\u00e9vention des risques. Organisme Qualiopi.","robots":{"index":"index","follow":"follow","max-snippet":"max-snippet:-1","max-image-preview":"max-image-preview:large","max-video-preview":"max-video-preview:-1"},"canonical":"https:\/\/controlc.fr\/index.php\/courses\/elingage-des-charges-suspendues\/","og_locale":"fr_FR","og_type":"article","og_title":"ELINGAGE DES CHARGES SUSPENDUES -","og_description":"Programme de la formation d'un jour sur l'\u00e9lingage des charges suspendues. S\u00e9curit\u00e9 et pr\u00e9vention des risques. Organisme Qualiopi.","og_url":"https:\/\/controlc.fr\/index.php\/courses\/elingage-des-charges-suspendues\/","article_modified_time":"2025-03-20T09:46:02+00:00","og_image":[{"width":512,"height":512,"url":"https:\/\/controlc.fr\/wp-content\/uploads\/2025\/03\/chargement-de-conteneurs.png","type":"image\/png"}],"twitter_card":"summary_large_image","twitter_site":"@controlcmelun","twitter_misc":{"Dur\u00e9e de lecture estim\u00e9e":"3 minutes"},"schema":{"@context":"https:\/\/schema.org","@graph":[{"@type":"WebPage","@id":"https:\/\/controlc.fr\/index.php\/courses\/elingage-des-charges-suspendues\/","url":"https:\/\/controlc.fr\/index.php\/courses\/elingage-des-charges-suspendues\/","name":"ELINGAGE DES CHARGES SUSPENDUES -","isPartOf":{"@id":"https:\/\/controlc.fr\/#website"},"primaryImageOfPage":{"@id":"https:\/\/controlc.fr\/index.php\/courses\/elingage-des-charges-suspendues\/#primaryimage"},"image":{"@id":"https:\/\/controlc.fr\/index.php\/courses\/elingage-des-charges-suspendues\/#primaryimage"},"thumbnailUrl":"https:\/\/controlc.fr\/wp-content\/uploads\/2025\/03\/chargement-de-conteneurs.png","datePublished":"2021-03-30T17:24:30+00:00","dateModified":"2025-03-20T09:46:02+00:00","description":"Programme de la formation d'un jour sur l'\u00e9lingage des charges suspendues. S\u00e9curit\u00e9 et pr\u00e9vention des risques. Organisme Qualiopi.","breadcrumb":{"@id":"https:\/\/controlc.fr\/index.php\/courses\/elingage-des-charges-suspendues\/#breadcrumb"},"inLanguage":"fr-FR","potentialAction":[{"@type":"ReadAction","target":["https:\/\/controlc.fr\/index.php\/courses\/elingage-des-charges-suspendues\/"]}]},{"@type":"ImageObject","inLanguage":"fr-FR","@id":"https:\/\/controlc.fr\/index.php\/courses\/elingage-des-charges-suspendues\/#primaryimage","url":"https:\/\/controlc.fr\/wp-content\/uploads\/2025\/03\/chargement-de-conteneurs.png","contentUrl":"https:\/\/controlc.fr\/wp-content\/uploads\/2025\/03\/chargement-de-conteneurs.png","width":512,"height":512,"caption":"Chargement de conteneur ic\u00f4nes cr\u00e9\u00e9es par Prosymbols Premium - Flaticon"},{"@type":"BreadcrumbList","@id":"https:\/\/controlc.fr\/index.php\/courses\/elingage-des-charges-suspendues\/#breadcrumb","itemListElement":[{"@type":"ListItem","position":1,"name":"Accueil","item":"https:\/\/controlc.fr\/"},{"@type":"ListItem","position":2,"name":"Cours","item":"https:\/\/controlc.fr\/index.php\/cours-2\/"},{"@type":"ListItem","position":3,"name":"ELINGAGE DES CHARGES SUSPENDUES"}]},{"@type":"WebSite","@id":"https:\/\/controlc.fr\/#website","url":"https:\/\/controlc.fr\/","name":"Controlc.fr","description":"","publisher":{"@id":"https:\/\/controlc.fr\/#organization"},"potentialAction":[{"@type":"SearchAction","target":{"@type":"EntryPoint","urlTemplate":"https:\/\/controlc.fr\/?s={search_term_string}"},"query-input":{"@type":"PropertyValueSpecification","valueRequired":true,"valueName":"search_term_string"}}],"inLanguage":"fr-FR"},{"@type":"Organization","@id":"https:\/\/controlc.fr\/#organization","name":"Control^C","url":"https:\/\/controlc.fr\/","logo":{"@type":"ImageObject","inLanguage":"fr-FR","@id":"https:\/\/controlc.fr\/#\/schema\/logo\/image\/","url":"https:\/\/controlc.fr\/wp-content\/uploads\/2020\/12\/cropped-cropped-cropped-logo-melun.png","contentUrl":"https:\/\/controlc.fr\/wp-content\/uploads\/2020\/12\/cropped-cropped-cropped-logo-melun.png","width":427,"height":100,"caption":"Control^C"},"image":{"@id":"https:\/\/controlc.fr\/#\/schema\/logo\/image\/"},"sameAs":["https:\/\/x.com\/controlcmelun","https:\/\/www.linkedin.com\/company\/8009384"]}]}},"_links":{"self":[{"href":"https:\/\/controlc.fr\/index.php\/wp-json\/wp\/v2\/lp_course\/1864","targetHints":{"allow":["GET"]}}],"collection":[{"href":"https:\/\/controlc.fr\/index.php\/wp-json\/wp\/v2\/lp_course"}],"about":[{"href":"https:\/\/controlc.fr\/index.php\/wp-json\/wp\/v2\/types\/lp_course"}],"author":[{"embeddable":true,"href":"https:\/\/controlc.fr\/index.php\/wp-json\/wp\/v2\/users\/6"}],"replies":[{"embeddable":true,"href":"https:\/\/controlc.fr\/index.php\/wp-json\/wp\/v2\/comments?post=1864"}],"version-history":[{"count":61,"href":"https:\/\/controlc.fr\/index.php\/wp-json\/wp\/v2\/lp_course\/1864\/revisions"}],"predecessor-version":[{"id":6147,"href":"https:\/\/controlc.fr\/index.php\/wp-json\/wp\/v2\/lp_course\/1864\/revisions\/6147"}],"wp:featuredmedia":[{"embeddable":true,"href":"https:\/\/controlc.fr\/index.php\/wp-json\/wp\/v2\/media\/6146"}],"wp:attachment":[{"href":"https:\/\/controlc.fr\/index.php\/wp-json\/wp\/v2\/media?parent=1864"}],"wp:term":[{"taxonomy":"course_category","embeddable":true,"href":"https:\/\/controlc.fr\/index.php\/wp-json\/wp\/v2\/course_category?post=1864"},{"taxonomy":"course_tag","embeddable":true,"href":"https:\/\/controlc.fr\/index.php\/wp-json\/wp\/v2\/course_tag?post=1864"}],"curies":[{"name":"wp","href":"https:\/\/api.w.org\/{rel}","templated":true}]}}